{"id":1584,"date":"2024-07-04T11:20:09","date_gmt":"2024-07-04T09:20:09","guid":{"rendered":"https:\/\/www.capoforte.it\/index.php\/salento\/"},"modified":"2025-08-25T09:37:43","modified_gmt":"2025-08-25T07:37:43","slug":"salento","status":"publish","type":"page","link":"https:\/\/www.capoforte.it\/de\/salento\/","title":{"rendered":"Salento"},"content":{"rendered":"<p>[et_pb_section fb_built=&#8220;1&#8243; _builder_version=&#8220;4.27.4&#8243; _module_preset=&#8220;default&#8220; background_color=&#8220;rgba(75,57,46,0.4)&#8220; background_image=&#8220;https:\/\/www.capoforte.it\/wp-content\/uploads\/2024\/07\/Masseria-Capoforte-trullo-in-vigneto-060A1058-1920&#215;1080-1-jpg.avif&#8220; background_blend=&#8220;multiply&#8220; background_enable_video_mp4=&#8220;off&#8220; background_video_width=&#8220;1920&#8243; background_video_height=&#8220;1080&#8243; custom_margin=&#8220;||||false|false&#8220; custom_padding=&#8220;34vh||34vh||true|false&#8220; locked=&#8220;off&#8220; global_colors_info=&#8220;{}&#8220;][et_pb_row _builder_version=&#8220;4.25.0&#8243; _module_preset=&#8220;default&#8220; global_colors_info=&#8220;{}&#8220;][et_pb_column type=&#8220;4_4&#8243; _builder_version=&#8220;4.25.0&#8243; _module_preset=&#8220;default&#8220; global_colors_info=&#8220;{}&#8220;][et_pb_text _builder_version=&#8220;4.25.0&#8243; _module_preset=&#8220;default&#8220; header_4_font=&#8220;Titoli-Sackers-Heavy-Gothic||||||||&#8220; header_4_text_align=&#8220;center&#8220; header_4_text_color=&#8220;#F0F0F0&#8243; header_4_font_size=&#8220;1.8em&#8220; header_4_line_height=&#8220;1.2em&#8220; animation_style=&#8220;fade&#8220; header_4_font_size_tablet=&#8220;1.7em&#8220; header_4_font_size_phone=&#8220;1.7em&#8220; header_4_font_size_last_edited=&#8220;on|phone&#8220; global_colors_info=&#8220;{}&#8220;]<\/p>\n<h4>&#8230;e dalla fronte L&#8217;intenerito eroe<br \/>tosto si tolse L&#8217;elmo, e raggiante<br \/>sul terren lo pose&#8230;<\/h4>\n<p>[\/et_pb_text][et_pb_text _builder_version=&#8220;4.25.0&#8243; _module_preset=&#8220;default&#8220; header_5_font=&#8220;Testo-Heletica-Roman||||||||&#8220; header_5_text_align=&#8220;center&#8220; header_5_text_color=&#8220;#F0F0F0&#8243; header_5_font_size=&#8220;1.2em&#8220; animation_style=&#8220;fade&#8220; animation_delay=&#8220;500ms&#8220; header_5_font_size_tablet=&#8220;1.1em&#8220; header_5_font_size_phone=&#8220;1.1em&#8220; header_5_font_size_last_edited=&#8220;on|phone&#8220; global_colors_info=&#8220;{}&#8220;]<\/p>\n<h5>Iliade, Libro VI, versi 621-623<\/h5>\n<p>[\/et_pb_text][\/et_pb_column][\/et_pb_row][\/et_pb_section][et_pb_section fb_built=&#8220;1&#8243; _builder_version=&#8220;4.27.4&#8243; _module_preset=&#8220;default&#8220; z_index=&#8220;500&#8243; height=&#8220;10px&#8220; height_tablet=&#8220;145px&#8220; height_phone=&#8220;85px&#8220; height_last_edited=&#8220;on|phone&#8220; custom_padding=&#8220;||0px||false|false&#8220; locked=&#8220;off&#8220; global_colors_info=&#8220;{}&#8220;][et_pb_row _builder_version=&#8220;4.27.4&#8243; _module_preset=&#8220;default&#8220; transform_scale_tablet=&#8220;&#8220; transform_scale_phone=&#8220;&#8220; transform_scale_last_edited=&#8220;on|desktop&#8220; transform_translate=&#8220;0px|-250px&#8220; transform_translate_tablet=&#8220;0px|-120px&#8220; transform_translate_phone=&#8220;0px|-105px&#8220; transform_translate_last_edited=&#8220;on|phone&#8220; transform_translate_linked=&#8220;off&#8220; transform_rotate_tablet=&#8220;&#8220; transform_rotate_phone=&#8220;&#8220; transform_rotate_last_edited=&#8220;on|desktop&#8220; transform_skew_tablet=&#8220;&#8220; transform_skew_phone=&#8220;&#8220; transform_skew_last_edited=&#8220;on|desktop&#8220; transform_origin_tablet=&#8220;&#8220; transform_origin_phone=&#8220;&#8220; transform_origin_last_edited=&#8220;on|desktop&#8220; transform_styles_last_edited=&#8220;on|phone&#8220; width=&#8220;100%&#8220; max_width=&#8220;120%&#8220; transform_styles_tablet=&#8220;&#8220; transform_styles_phone=&#8220;&#8220; global_colors_info=&#8220;{}&#8220;][et_pb_column type=&#8220;4_4&#8243; _builder_version=&#8220;4.25.0&#8243; _module_preset=&#8220;default&#8220; global_colors_info=&#8220;{}&#8220;][et_pb_image src=&#8220;https:\/\/www.capoforte.it\/wp-content\/uploads\/2024\/07\/Masseria-Capoforte-spaz-foot-desk-tab-v.svg&#8220; alt=&#8220;Masseria Capoforte spaz foot desk-tab-v&#8220; title_text=&#8220;Masseria Capoforte spaz foot desk-tab-v&#8220; src_tablet=&#8220;https:\/\/www.capoforte.it\/wp-content\/uploads\/2024\/07\/Masseria-Capoforte-spaz-foot-desk-tab-v.svg&#8220; src_phone=&#8220;https:\/\/www.capoforte.it\/wp-content\/uploads\/2024\/07\/Masseria-Capoforte-logo-foot-sp-v.svg&#8220; src_last_edited=&#8220;on|desktop&#8220; _builder_version=&#8220;4.25.0&#8243; _module_preset=&#8220;default&#8220; transform_scale_tablet=&#8220;&#8220; transform_scale_phone=&#8220;&#8220; transform_scale_last_edited=&#8220;on|desktop&#8220; transform_translate_tablet=&#8220;&#8220; transform_translate_phone=&#8220;&#8220; transform_translate_last_edited=&#8220;on|phone&#8220; transform_translate_linked=&#8220;off&#8220; transform_rotate_tablet=&#8220;&#8220; transform_rotate_phone=&#8220;&#8220; transform_rotate_last_edited=&#8220;on|desktop&#8220; transform_skew_tablet=&#8220;&#8220; transform_skew_phone=&#8220;&#8220; transform_skew_last_edited=&#8220;on|desktop&#8220; transform_origin_tablet=&#8220;&#8220; transform_origin_phone=&#8220;&#8220; transform_origin_last_edited=&#8220;on|desktop&#8220; transform_styles_last_edited=&#8220;on|phone&#8220; transform_styles_tablet=&#8220;&#8220; transform_styles_phone=&#8220;&#8220; global_colors_info=&#8220;{}&#8220;][\/et_pb_image][dmpro_breadcrumbs bc_custom_home=&#8220;on&#8220; bc_home_text=&#8220;Home&#8220; bc_home_size=&#8220;11px&#8220; bc_home_color=&#8220;#A9978C&#8220; bc_hover_home_color=&#8220;#4B392E&#8220; bc_schema=&#8220;off&#8220; bc_separator_size=&#8220;14px&#8220; bc_separator_color=&#8220;#A9978C&#8220; bc_item_bg_color=&#8220;RGBA(255,255,255,0)&#8220; bc_active_item_color=&#8220;RGBA(255,255,255,0)&#8220; bc_hover_item_bg_color=&#8220;RGBA(255,255,255,0)&#8220; _builder_version=&#8220;4.25.0&#8243; _module_preset=&#8220;default&#8220; items_font=&#8220;||||||||&#8220; items_text_color=&#8220;#A9978C&#8220; active_text_color=&#8220;#A9978C&#8220; width=&#8220;50%&#8220; max_width=&#8220;50%&#8220; module_alignment=&#8220;left&#8220; custom_margin=&#8220;-20px||20px||false|false&#8220; custom_margin_tablet=&#8220;-20px||20px||false|false&#8220; custom_margin_phone=&#8220;-20px||20px||false|false&#8220; custom_margin_last_edited=&#8220;on|phone&#8220; custom_padding=&#8220;|||50px|false|false&#8220; custom_padding_tablet=&#8220;|||30px|false|false&#8220; custom_padding_phone=&#8220;|||30px|false|false&#8220; custom_padding_last_edited=&#8220;on|tablet&#8220; border_color_all_items=&#8220;RGBA(255,255,255,0)&#8220; border_color_all_hover=&#8220;RGBA(255,255,255,0)&#8220; global_colors_info=&#8220;{}&#8220;][\/dmpro_breadcrumbs][\/et_pb_column][\/et_pb_row][\/et_pb_section][et_pb_section fb_built=&#8220;1&#8243; custom_padding_last_edited=&#8220;on|tablet&#8220; _builder_version=&#8220;4.25.0&#8243; _module_preset=&#8220;default&#8220; custom_margin=&#8220;||||false|false&#8220; custom_margin_tablet=&#8220;25px||||false|false&#8220; custom_margin_phone=&#8220;25px||||false|false&#8220; custom_margin_last_edited=&#8220;on|tablet&#8220; custom_padding=&#8220;232px||||false|false&#8220; custom_padding_tablet=&#8220;0px||||false|false&#8220; custom_padding_phone=&#8220;0px||||false|false&#8220; locked=&#8220;off&#8220; global_colors_info=&#8220;{}&#8220;][et_pb_row _builder_version=&#8220;4.25.0&#8243; _module_preset=&#8220;default&#8220; width=&#8220;50%&#8220; width_tablet=&#8220;55%&#8220; width_phone=&#8220;80%&#8220; width_last_edited=&#8220;on|phone&#8220; custom_padding=&#8220;0px||||false|false&#8220; global_colors_info=&#8220;{}&#8220;][et_pb_column type=&#8220;4_4&#8243; _builder_version=&#8220;4.25.0&#8243; _module_preset=&#8220;default&#8220; global_colors_info=&#8220;{}&#8220;][et_pb_image src=&#8220;https:\/\/www.capoforte.it\/wp-content\/uploads\/2024\/07\/Masseria-Capoforte-cartina-geografica-italia-puglia-salento.svg&#8220; alt=&#8220;Masseria Capoforte cartina geografica italia puglia salento&#8220; title_text=&#8220;Masseria Capoforte cartina geografica italia puglia salento&#8220; align=&#8220;center&#8220; _builder_version=&#8220;4.25.0&#8243; _module_preset=&#8220;default&#8220; width=&#8220;80%&#8220; width_tablet=&#8220;80%&#8220; width_phone=&#8220;80%&#8220; width_last_edited=&#8220;on|phone&#8220; custom_margin=&#8220;-170px||35px||false|false&#8220; custom_margin_tablet=&#8220;-95px||||false|false&#8220; custom_margin_phone=&#8220;-75px||||false|false&#8220; custom_margin_last_edited=&#8220;on|phone&#8220; global_colors_info=&#8220;{}&#8220;][\/et_pb_image][et_pb_text _builder_version=&#8220;4.27.2&#8243; _module_preset=&#8220;default&#8220; header_2_font=&#8220;Testo-Heletica-Roman||||||||&#8220; header_2_text_align=&#8220;center&#8220; header_2_text_color=&#8220;#A9978C&#8220; header_2_font_size=&#8220;1.2em&#8220; header_2_line_height=&#8220;1.3em&#8220; custom_margin=&#8220;||40px||false|false&#8220; custom_margin_tablet=&#8220;||40px||false|false&#8220; custom_margin_phone=&#8220;||40px||false|false&#8220; custom_margin_last_edited=&#8220;on|phone&#8220; custom_padding=&#8220;||||false|false&#8220; custom_padding_tablet=&#8220;||||false|false&#8220; custom_padding_phone=&#8220;||||false|false&#8220; custom_padding_last_edited=&#8220;on|desktop&#8220; header_2_font_size_tablet=&#8220;1.1em&#8220; header_2_font_size_phone=&#8220;1.1em&#8220; header_2_font_size_last_edited=&#8220;on|desktop&#8220; locked=&#8220;off&#8220; global_colors_info=&#8220;{}&#8220;]<\/p>\n<h2>Wir befinden uns im l\u00e4ndlichen Salento, in dem Teil von Apulien, der die Erinnerung an alte Traditionen bewahrt, die Kulisse unwiderstehlicher Fernblicke. Aus diesen D\u00fcften und Farben sticht die Masseria Capoforte, in der N\u00e4he der St\u00e4dte Taranto und Otranto, hervor. Ein zeitloser Ort, der Emotionen weckt und mit seiner unfassbaren, s\u00fc\u00dfen, herben W\u00fcrde umh\u00fcllt. In diesem Teil der Welt, auf Meeresh\u00f6he, hat das Leben einen anderen Rhythmus und die Gedanken werden leichter und klarer. Die langen Reihen der Weinreben charakterisieren den Horizont, geliebkost von einer sanften und konstanten Meeresbrise, erw\u00e4rmt von der Sonne, im f\u00fcr ihre Reifung idealen Mikroklima.    <\/h2>\n<p>[\/et_pb_text][et_pb_button button_url=&#8220;@ET-DC@eyJkeW5hbWljIjp0cnVlLCJjb250ZW50IjoicG9zdF9saW5rX3VybF9wYWdlIiwic2V0dGluZ3MiOnsicG9zdF9pZCI6IjMzIn19@&#8220; button_text=&#8220;weinkellerei&#8220; _builder_version=&#8220;4.27.4&#8243; _dynamic_attributes=&#8220;button_url&#8220; _module_preset=&#8220;62ad5444-e1cd-424e-9555-e427be1c03f6&#8243; locked=&#8220;off&#8220; global_colors_info=&#8220;{}&#8220;][\/et_pb_button][\/et_pb_column][\/et_pb_row][\/et_pb_section][et_pb_section fb_built=&#8220;1&#8243; _builder_version=&#8220;4.25.0&#8243; _module_preset=&#8220;default&#8220; background_color=&#8220;#F0F0F0&#8243; custom_padding=&#8220;||||false|false&#8220; locked=&#8220;off&#8220; global_colors_info=&#8220;{}&#8220;][et_pb_row _builder_version=&#8220;4.25.0&#8243; _module_preset=&#8220;default&#8220; global_colors_info=&#8220;{}&#8220;][et_pb_column type=&#8220;4_4&#8243; _builder_version=&#8220;4.25.0&#8243; _module_preset=&#8220;default&#8220; global_colors_info=&#8220;{}&#8220;][et_pb_image src=&#8220;https:\/\/www.capoforte.it\/wp-content\/uploads\/2024\/07\/Masseria-Capoforte-logo-head-v.svg&#8220; alt=&#8220;Masseria Capoforte logo head-v&#8220; title_text=&#8220;Masseria Capoforte logo head-v&#8220; align=&#8220;center&#8220; _builder_version=&#8220;4.25.0&#8243; _module_preset=&#8220;default&#8220; width=&#8220;2%&#8220; width_tablet=&#8220;3%&#8220; width_phone=&#8220;5%&#8220; width_last_edited=&#8220;on|phone&#8220; custom_margin=&#8220;||||false|false&#8220; custom_margin_tablet=&#8220;||||false|false&#8220; custom_margin_phone=&#8220;||||false|false&#8220; custom_margin_last_edited=&#8220;on|desktop&#8220; custom_padding=&#8220;||10px||false|false&#8220; locked=&#8220;off&#8220; global_colors_info=&#8220;{}&#8220;][\/et_pb_image][et_pb_text _builder_version=&#8220;4.27.2&#8243; _module_preset=&#8220;624cb66b-67cb-4bee-a403-372602bf0402&#8243; header_2_font=&#8220;Titoli-Sackers-Heavy-Gothic||||||||&#8220; header_2_text_align=&#8220;center&#8220; header_2_text_color=&#8220;#4B392E&#8220; header_2_font_size=&#8220;1.7em&#8220; header_2_line_height=&#8220;1.3em&#8220; header_2_font_size_tablet=&#8220;1.5em&#8220; header_2_font_size_phone=&#8220;1.4em&#8220; header_2_font_size_last_edited=&#8220;on|phone&#8220; locked=&#8220;off&#8220; global_colors_info=&#8220;{}&#8220;]<\/p>\n<h2>Die Schatztruhe voller unsch\u00e4tzbarer Kultursch\u00e4tze<\/h2>\n<p>[\/et_pb_text][et_pb_text _builder_version=&#8220;4.27.2&#8243; _module_preset=&#8220;default&#8220; header_2_font=&#8220;Testo-Heletica-Roman||||||||&#8220; header_2_text_align=&#8220;center&#8220; header_2_text_color=&#8220;#A9978C&#8220; header_2_font_size=&#8220;1.2em&#8220; header_2_line_height=&#8220;1.3em&#8220; width=&#8220;60%&#8220; width_tablet=&#8220;100%&#8220; width_phone=&#8220;&#8220; width_last_edited=&#8220;on|phone&#8220; module_alignment=&#8220;center&#8220; header_2_font_size_tablet=&#8220;1.1em&#8220; header_2_font_size_phone=&#8220;1.1em&#8220; header_2_font_size_last_edited=&#8220;on|desktop&#8220; locked=&#8220;off&#8220; global_colors_info=&#8220;{}&#8220;]<\/p>\n<h2>Im Salento, Ort des Herzen, der uns t\u00e4glich mit Staunen erf\u00fcllt und uns mit der typischen mediterranen Sinnlichkeit berauscht, erf\u00fcllt die Sch\u00f6nheit unsere Augen und unsere Seele. In jedem unserer Kelche umschlie\u00dfen wir so die epischsten Beeinflussungen der klassischen Geschichte und vermischen sie mit einer weitgreifenden Vision, im Wissen, dass die Gro\u00dfartigkeit nur m\u00f6glich ist, wenn das Potential der Region eingefangen und durch kreatives Engagement seitens des Menschen, Bewahrer und M\u00e4zen ihrer Kunst, gen\u00e4hrt wird. <\/h2>\n<p>[\/et_pb_text][et_pb_image src=&#8220;https:\/\/www.capoforte.it\/wp-content\/uploads\/2024\/07\/Masseria-Capoforte-taranto-cattedrale-di-san-cataldo-1920&#215;1080-1-jpg.avif&#8220; alt=&#8220;Masseria Capoforte taranto cattedrale di san cataldo 1080&#215;1350&#8243; title_text=&#8220;Masseria Capoforte taranto cattedrale di san cataldo 1080&#215;1350&#8243; src_tablet=&#8220;https:\/\/www.capoforte.it\/wp-content\/uploads\/2024\/07\/Masseria-Capoforte-taranto-cattedrale-di-san-cataldo-1920&#215;1080-1-jpg.avif&#8220; src_phone=&#8220;https:\/\/www.capoforte.it\/wp-content\/uploads\/2024\/07\/Masseria-Capoforte-taranto-cattedrale-di-san-cataldo-1080&#215;1350-2-jpg.avif&#8220; src_last_edited=&#8220;on|phone&#8220; _builder_version=&#8220;4.25.0&#8243; _module_preset=&#8220;default&#8220; global_colors_info=&#8220;{}&#8220;][\/et_pb_image][et_pb_text _builder_version=&#8220;4.27.2&#8243; _module_preset=&#8220;default&#8220; header_4_font=&#8220;Testo-Heletica-Roman||||||||&#8220; header_4_text_align=&#8220;left&#8220; header_4_text_color=&#8220;#A9978C&#8220; header_4_font_size=&#8220;1em&#8220; global_colors_info=&#8220;{}&#8220;]<\/p>\n<h4>Kathedrale von San Cataldo, Taranto (TA)<\/h4>\n<p>[\/et_pb_text][et_pb_button button_text=&#8220;weinkellerei&#8220; _builder_version=&#8220;4.27.4&#8243; _module_preset=&#8220;62ad5444-e1cd-424e-9555-e427be1c03f6&#8243; custom_margin=&#8220;50px||||false|false&#8220; custom_margin_tablet=&#8220;50px||||false|false&#8220; custom_margin_phone=&#8220;50px||||false|false&#8220; custom_margin_last_edited=&#8220;on|phone&#8220; hover_enabled=&#8220;0&#8243; locked=&#8220;off&#8220; global_colors_info=&#8220;{}&#8220; button_url=&#8220;@ET-DC@eyJkeW5hbWljIjp0cnVlLCJjb250ZW50IjoicG9zdF9saW5rX3VybF9wYWdlIiwic2V0dGluZ3MiOnsicG9zdF9pZCI6IjMzIn19@&#8220; _dynamic_attributes=&#8220;button_url&#8220; sticky_enabled=&#8220;0&#8243;][\/et_pb_button][\/et_pb_column][\/et_pb_row][\/et_pb_section][et_pb_section fb_built=&#8220;1&#8243; _builder_version=&#8220;4.25.0&#8243; _module_preset=&#8220;default&#8220; background_enable_color=&#8220;off&#8220; custom_padding=&#8220;||0px||false|false&#8220; locked=&#8220;off&#8220; global_colors_info=&#8220;{}&#8220;][et_pb_row _builder_version=&#8220;4.25.0&#8243; _module_preset=&#8220;default&#8220; global_colors_info=&#8220;{}&#8220;][et_pb_column type=&#8220;4_4&#8243; _builder_version=&#8220;4.25.0&#8243; _module_preset=&#8220;default&#8220; global_colors_info=&#8220;{}&#8220;][et_pb_image src=&#8220;https:\/\/www.capoforte.it\/wp-content\/uploads\/2024\/07\/Masseria-Capoforte-logo-head-v.svg&#8220; alt=&#8220;Masseria Capoforte logo head-v&#8220; title_text=&#8220;Masseria Capoforte logo head-v&#8220; align=&#8220;center&#8220; _builder_version=&#8220;4.25.0&#8243; _module_preset=&#8220;default&#8220; width=&#8220;2%&#8220; width_tablet=&#8220;3%&#8220; width_phone=&#8220;5%&#8220; width_last_edited=&#8220;on|phone&#8220; custom_margin=&#8220;||||false|false&#8220; custom_margin_tablet=&#8220;||||false|false&#8220; custom_margin_phone=&#8220;||||false|false&#8220; custom_margin_last_edited=&#8220;on|desktop&#8220; custom_padding=&#8220;||10px||false|false&#8220; locked=&#8220;off&#8220; global_colors_info=&#8220;{}&#8220;][\/et_pb_image][et_pb_text _builder_version=&#8220;4.27.2&#8243; _module_preset=&#8220;624cb66b-67cb-4bee-a403-372602bf0402&#8243; header_2_font=&#8220;Titoli-Sackers-Heavy-Gothic||||||||&#8220; header_2_text_align=&#8220;center&#8220; header_2_text_color=&#8220;#4B392E&#8220; header_2_font_size=&#8220;1.7em&#8220; header_2_line_height=&#8220;1.3em&#8220; header_2_font_size_tablet=&#8220;1.5em&#8220; header_2_font_size_phone=&#8220;1.4em&#8220; header_2_font_size_last_edited=&#8220;on|phone&#8220; locked=&#8220;off&#8220; global_colors_info=&#8220;{}&#8220;]<\/p>\n<h2>Umgeben von einer Aura der Ewigkeit gedeihen<\/h2>\n<p>[\/et_pb_text][et_pb_text _builder_version=&#8220;4.27.2&#8243; _module_preset=&#8220;default&#8220; header_2_font=&#8220;Testo-Heletica-Roman||||||||&#8220; header_2_text_align=&#8220;center&#8220; header_2_text_color=&#8220;#A9978C&#8220; header_2_font_size=&#8220;1.2em&#8220; header_2_line_height=&#8220;1.3em&#8220; width=&#8220;60%&#8220; width_tablet=&#8220;100%&#8220; width_phone=&#8220;&#8220; width_last_edited=&#8220;on|phone&#8220; module_alignment=&#8220;center&#8220; header_2_font_size_tablet=&#8220;1.1em&#8220; header_2_font_size_phone=&#8220;1.1em&#8220; header_2_font_size_last_edited=&#8220;on|desktop&#8220; locked=&#8220;off&#8220; global_colors_info=&#8220;{}&#8220;]<\/p>\n<h2>Die Werke, die unsere Region auszeichnen, sind Spuren einer ethischen und \u00e4sthetischen Achtsamkeit, die \u00fcberliefert wird; sie sind wertvolle Botschaften, die wir erben und die unsere t\u00e4gliche Arbeit inspirieren. Unantastbar als Inspiration und kraftvoll in ihrer Struktur dr\u00fccken Sie den wahren Sinn des menschlichen Daseins aus, jenen, einen positiven Abdruck des eigenen Schrittes zu hinterlassen, im Leben wie im Weinberg. Ein greifbares Zeugnis des konstruktiven Dienstes, der der Welt und der Menschheit selbst erbracht wurde.  <\/h2>\n<p>[\/et_pb_text][\/et_pb_column][\/et_pb_row][et_pb_row column_structure=&#8220;1_3,1_3,1_3&#8243; _builder_version=&#8220;4.25.0&#8243; _module_preset=&#8220;default&#8220; global_colors_info=&#8220;{}&#8220;][et_pb_column type=&#8220;1_3&#8243; _builder_version=&#8220;4.25.0&#8243; _module_preset=&#8220;default&#8220; global_colors_info=&#8220;{}&#8220;][et_pb_image src=&#8220;https:\/\/www.capoforte.it\/wp-content\/uploads\/2024\/07\/Masseria-Capoforte-Giurdignano-Cripta-di-San-Salvatore-1080&#215;1080-1-jpg.avif&#8220; alt=&#8220;Masseria Capoforte Giurdignano Cripta di San Salvatore 1080&#215;1080&#8243; title_text=&#8220;Masseria Capoforte Giurdignano Cripta di San Salvatore 1080&#215;1080&#8243; align=&#8220;center&#8220; _builder_version=&#8220;4.27.4&#8243; _module_preset=&#8220;default&#8220; width_tablet=&#8220;55%&#8220; width_phone=&#8220;80%&#8220; width_last_edited=&#8220;on|tablet&#8220; animation_style=&#8220;fade&#8220; global_colors_info=&#8220;{}&#8220;][\/et_pb_image][et_pb_text _builder_version=&#8220;4.25.0&#8243; _module_preset=&#8220;default&#8220; header_4_font=&#8220;Testo-Heletica-Roman||||||||&#8220; header_4_text_align=&#8220;left&#8220; header_4_text_color=&#8220;#A9978C&#8220; header_4_font_size=&#8220;1em&#8220; header_4_text_align_tablet=&#8220;center&#8220; header_4_text_align_phone=&#8220;center&#8220; header_4_text_align_last_edited=&#8220;on|tablet&#8220; locked=&#8220;off&#8220; global_colors_info=&#8220;{}&#8220;]<\/p>\n<h4>Crypta von San Salvatore, Giurdignano (LE)<\/h4>\n<p>[\/et_pb_text][\/et_pb_column][et_pb_column type=&#8220;1_3&#8243; _builder_version=&#8220;4.25.0&#8243; _module_preset=&#8220;default&#8220; global_colors_info=&#8220;{}&#8220;][et_pb_image src=&#8220;https:\/\/www.capoforte.it\/wp-content\/uploads\/2024\/09\/Masseria-Capoforte-Grottaglie-ceramiche-1080&#215;1080&#8211;jpg.avif&#8220; alt=&#8220;Masseria Capoforte Grottaglie ceramiche 1080&#215;1080-&#8220; title_text=&#8220;Masseria Capoforte Grottaglie ceramiche 1080&#215;1080-&#8220; align=&#8220;center&#8220; _builder_version=&#8220;4.27.4&#8243; _module_preset=&#8220;default&#8220; width_tablet=&#8220;55%&#8220; width_phone=&#8220;80%&#8220; width_last_edited=&#8220;on|tablet&#8220; animation_style=&#8220;fade&#8220; animation_delay=&#8220;500ms&#8220; global_colors_info=&#8220;{}&#8220;][\/et_pb_image][et_pb_text _builder_version=&#8220;4.25.0&#8243; _module_preset=&#8220;default&#8220; header_4_font=&#8220;Testo-Heletica-Roman||||||||&#8220; header_4_text_align=&#8220;left&#8220; header_4_text_color=&#8220;#A9978C&#8220; header_4_font_size=&#8220;1em&#8220; header_4_text_align_tablet=&#8220;center&#8220; header_4_text_align_phone=&#8220;center&#8220; header_4_text_align_last_edited=&#8220;on|tablet&#8220; locked=&#8220;off&#8220; global_colors_info=&#8220;{}&#8220;]<\/p>\n<h4>Keramiken aus Grottaglie (TA)<\/h4>\n<p>[\/et_pb_text][\/et_pb_column][et_pb_column type=&#8220;1_3&#8243; _builder_version=&#8220;4.25.0&#8243; _module_preset=&#8220;default&#8220; global_colors_info=&#8220;{}&#8220;][et_pb_image src=&#8220;https:\/\/www.capoforte.it\/wp-content\/uploads\/2024\/09\/Masseria-Capoforte-Lecce-Basilica-di-Santa-Croce-1080&#215;1080&#8211;jpg.avif&#8220; alt=&#8220;Masseria Capoforte Lecce Basilica di Santa Croce 1080&#215;1080-&#8220; title_text=&#8220;Masseria Capoforte Lecce Basilica di Santa Croce 1080&#215;1080-&#8220; align=&#8220;center&#8220; _builder_version=&#8220;4.27.4&#8243; _module_preset=&#8220;default&#8220; width_tablet=&#8220;55%&#8220; width_phone=&#8220;80%&#8220; width_last_edited=&#8220;on|tablet&#8220; animation_style=&#8220;fade&#8220; animation_delay=&#8220;1000ms&#8220; global_colors_info=&#8220;{}&#8220;][\/et_pb_image][et_pb_text _builder_version=&#8220;4.25.0&#8243; _module_preset=&#8220;default&#8220; header_4_font=&#8220;Testo-Heletica-Roman||||||||&#8220; header_4_text_align=&#8220;left&#8220; header_4_text_color=&#8220;#A9978C&#8220; header_4_font_size=&#8220;1em&#8220; header_4_text_align_tablet=&#8220;center&#8220; header_4_text_align_phone=&#8220;center&#8220; header_4_text_align_last_edited=&#8220;on|desktop&#8220; locked=&#8220;off&#8220; global_colors_info=&#8220;{}&#8220;]<\/p>\n<h4>Basilika Santa Croce, Lecce (LE)<\/h4>\n<p>[\/et_pb_text][\/et_pb_column][\/et_pb_row][et_pb_row custom_padding_last_edited=&#8220;off|desktop&#8220; _builder_version=&#8220;4.25.0&#8243; _module_preset=&#8220;default&#8220; transform_scale_tablet=&#8220;&#8220; transform_scale_phone=&#8220;&#8220; transform_scale_last_edited=&#8220;on|desktop&#8220; transform_translate=&#8220;0px|88px&#8220; transform_translate_tablet=&#8220;0px|80px&#8220; transform_translate_phone=&#8220;0px|75px&#8220; transform_translate_last_edited=&#8220;on|desktop&#8220; transform_translate_linked=&#8220;off&#8220; transform_rotate_tablet=&#8220;&#8220; transform_rotate_phone=&#8220;&#8220; transform_rotate_last_edited=&#8220;on|desktop&#8220; transform_skew_tablet=&#8220;&#8220; transform_skew_phone=&#8220;&#8220; transform_skew_last_edited=&#8220;on|desktop&#8220; transform_origin_tablet=&#8220;&#8220; transform_origin_phone=&#8220;&#8220; transform_origin_last_edited=&#8220;on|desktop&#8220; transform_styles_last_edited=&#8220;on|desktop&#8220; z_index=&#8220;500&#8243; custom_margin=&#8220;-50px||||false|false&#8220; custom_padding=&#8220;0px||||false|false&#8220; transform_styles_tablet=&#8220;&#8220; transform_styles_phone=&#8220;&#8220; global_colors_info=&#8220;{}&#8220;][et_pb_column type=&#8220;4_4&#8243; _builder_version=&#8220;4.25.0&#8243; _module_preset=&#8220;default&#8220; global_colors_info=&#8220;{}&#8220;][et_pb_image src=&#8220;https:\/\/www.capoforte.it\/wp-content\/uploads\/2024\/07\/Masseria-Capoforte-Elementi-Natura-sole-v.svg&#8220; alt=&#8220;Masseria Capoforte Elementi Natura sole-v&#8220; title_text=&#8220;Masseria Capoforte Elementi Natura sole-v&#8220; align=&#8220;center&#8220; _builder_version=&#8220;4.25.0&#8243; _module_preset=&#8220;default&#8220; width=&#8220;11%&#8220; width_tablet=&#8220;16%&#8220; width_phone=&#8220;28%&#8220; width_last_edited=&#8220;on|phone&#8220; global_colors_info=&#8220;{}&#8220;][\/et_pb_image][\/et_pb_column][\/et_pb_row][\/et_pb_section][et_pb_section fb_built=&#8220;1&#8243; _builder_version=&#8220;4.25.0&#8243; _module_preset=&#8220;default&#8220; background_color=&#8220;#F0F0F0&#8243; custom_padding=&#8220;||||false|false&#8220; locked=&#8220;off&#8220; global_colors_info=&#8220;{}&#8220;][et_pb_row _builder_version=&#8220;4.25.0&#8243; _module_preset=&#8220;default&#8220; global_colors_info=&#8220;{}&#8220;][et_pb_column type=&#8220;4_4&#8243; _builder_version=&#8220;4.25.0&#8243; _module_preset=&#8220;default&#8220; global_colors_info=&#8220;{}&#8220;][et_pb_image src=&#8220;https:\/\/www.capoforte.it\/wp-content\/uploads\/2024\/07\/Masseria-Capoforte-logo-head-v.svg&#8220; alt=&#8220;Masseria Capoforte logo head-v&#8220; title_text=&#8220;Masseria Capoforte logo head-v&#8220; align=&#8220;center&#8220; _builder_version=&#8220;4.25.0&#8243; _module_preset=&#8220;default&#8220; width=&#8220;2%&#8220; width_tablet=&#8220;3%&#8220; width_phone=&#8220;5%&#8220; width_last_edited=&#8220;on|phone&#8220; custom_margin=&#8220;50px||||false|false&#8220; custom_margin_tablet=&#8220;30px||||false|false&#8220; custom_margin_phone=&#8220;||||false|false&#8220; custom_margin_last_edited=&#8220;on|phone&#8220; custom_padding=&#8220;||10px||false|false&#8220; locked=&#8220;off&#8220; global_colors_info=&#8220;{}&#8220;][\/et_pb_image][et_pb_text _builder_version=&#8220;4.27.2&#8243; _module_preset=&#8220;624cb66b-67cb-4bee-a403-372602bf0402&#8243; header_2_font=&#8220;Titoli-Sackers-Heavy-Gothic||||||||&#8220; header_2_text_align=&#8220;center&#8220; header_2_text_color=&#8220;#4B392E&#8220; header_2_font_size=&#8220;1.7em&#8220; header_2_line_height=&#8220;1.3em&#8220; header_2_font_size_tablet=&#8220;1.5em&#8220; header_2_font_size_phone=&#8220;1.4em&#8220; header_2_font_size_last_edited=&#8220;on|phone&#8220; locked=&#8220;off&#8220; global_colors_info=&#8220;{}&#8220;]<\/p>\n<h2>Den Horizont zu betrachten, bedeutet mit dem Blick nach Hause zu fliegen<\/h2>\n<p>[\/et_pb_text][et_pb_text _builder_version=&#8220;4.27.2&#8243; _module_preset=&#8220;default&#8220; header_2_font=&#8220;Testo-Heletica-Roman||||||||&#8220; header_2_text_align=&#8220;center&#8220; header_2_text_color=&#8220;#A9978C&#8220; header_2_font_size=&#8220;1.2em&#8220; header_2_line_height=&#8220;1.3em&#8220; width=&#8220;60%&#8220; width_tablet=&#8220;100%&#8220; width_phone=&#8220;&#8220; width_last_edited=&#8220;on|phone&#8220; module_alignment=&#8220;center&#8220; header_2_font_size_tablet=&#8220;1.1em&#8220; header_2_font_size_phone=&#8220;1.1em&#8220; header_2_font_size_last_edited=&#8220;on|desktop&#8220; locked=&#8220;off&#8220; global_colors_info=&#8220;{}&#8220;]<\/p>\n<h2>Das Meer, mit seinem unaufh\u00f6rlichen Schimmer, der Brise, die den salzigen Geschmack herbeiweht, der rauen Erde, in die sich die Wurzeln unserer Weinberge verschlingen, ist der gro\u00dfartige Protagonist im Salento. Beim Betrachten des Meeres \u00f6ffnet sich der Geist und die Umarmung der Natur empf\u00e4ngt mit der typischen Fr\u00f6hlichkeit der Personen die Mitbewohner des blauen Planeten. Und wenn sich die Wellen auft\u00fcrmen, kehren die antiken Epen zur\u00fcck, um die Erz\u00e4hlungen am knisternden Feuer mit peitschender Energie zu sch\u00fcren.  <\/h2>\n<p>[\/et_pb_text][et_pb_button button_url=&#8220;@ET-DC@eyJkeW5hbWljIjp0cnVlLCJjb250ZW50IjoicG9zdF9saW5rX3VybF9wYWdlIiwic2V0dGluZ3MiOnsicG9zdF9pZCI6IjMxIn19@&#8220; button_text=&#8220;weinberge&#8220; _builder_version=&#8220;4.25.0&#8243; _dynamic_attributes=&#8220;button_url&#8220; _module_preset=&#8220;62ad5444-e1cd-424e-9555-e427be1c03f6&#8243; custom_margin=&#8220;||||false|false&#8220; custom_margin_tablet=&#8220;50px||||false|false&#8220; custom_margin_phone=&#8220;50px||||false|false&#8220; custom_margin_last_edited=&#8220;on|phone&#8220; locked=&#8220;off&#8220; global_colors_info=&#8220;{}&#8220;][\/et_pb_button][\/et_pb_column][\/et_pb_row][et_pb_row _builder_version=&#8220;4.25.0&#8243; _module_preset=&#8220;default&#8220; use_background_color_gradient=&#8220;on&#8220; background_color_gradient_stops=&#8220;rgba(41,196,169,0) 0%|rgba(75,57,46,0.45) 99%&#8220; background_image=&#8220;https:\/\/www.capoforte.it\/wp-content\/uploads\/2024\/09\/Masseria-Capoforte-Torre-Sgarrata-1920&#215;1350-1-jpg.avif&#8220; background_blend=&#8220;multiply&#8220; width=&#8220;100%&#8220; max_width=&#8220;none&#8220; height=&#8220;100vh&#8220; custom_margin=&#8220;15px||||false|false&#8220; custom_padding=&#8220;40vh||40vh||true|false&#8220; locked=&#8220;off&#8220; global_colors_info=&#8220;{}&#8220;][et_pb_column type=&#8220;4_4&#8243; _builder_version=&#8220;4.25.0&#8243; _module_preset=&#8220;default&#8220; global_colors_info=&#8220;{}&#8220;][\/et_pb_column][\/et_pb_row][et_pb_row _builder_version=&#8220;4.25.0&#8243; _module_preset=&#8220;default&#8220; custom_margin_phone=&#8220;40px||||false|false&#8220; custom_margin_last_edited=&#8220;off|phone&#8220; custom_padding=&#8220;||||false|false&#8220; global_colors_info=&#8220;{}&#8220;][et_pb_column type=&#8220;4_4&#8243; _builder_version=&#8220;4.25.0&#8243; _module_preset=&#8220;default&#8220; global_colors_info=&#8220;{}&#8220;][et_pb_text _builder_version=&#8220;4.27.2&#8243; _module_preset=&#8220;default&#8220; header_4_font=&#8220;Testo-Heletica-Roman||||||||&#8220; header_4_text_align=&#8220;center&#8220; header_4_text_color=&#8220;#A9978C&#8220; header_4_font_size=&#8220;1em&#8220; custom_margin=&#8220;||||false|false&#8220; custom_padding=&#8220;||||false|false&#8220; locked=&#8220;off&#8220; global_colors_info=&#8220;{}&#8220;]<\/p>\n<h4>Torre Sgarrata, zwischen Lizzano und Pulsano. (TA)<\/h4>\n<p>[\/et_pb_text][et_pb_image src=&#8220;https:\/\/www.capoforte.it\/wp-content\/uploads\/2024\/07\/Masseria-Capoforte-logo-head-v.svg&#8220; alt=&#8220;Masseria Capoforte logo head-v&#8220; title_text=&#8220;Masseria Capoforte logo head-v&#8220; align=&#8220;center&#8220; _builder_version=&#8220;4.27.2&#8243; _module_preset=&#8220;default&#8220; width=&#8220;2%&#8220; width_tablet=&#8220;3%&#8220; width_phone=&#8220;5%&#8220; width_last_edited=&#8220;on|phone&#8220; custom_margin=&#8220;60px||||false|false&#8220; custom_margin_tablet=&#8220;||||false|false&#8220; custom_margin_phone=&#8220;||||false|false&#8220; custom_margin_last_edited=&#8220;on|phone&#8220; custom_padding=&#8220;||10px||false|false&#8220; locked=&#8220;off&#8220; global_colors_info=&#8220;{}&#8220;][\/et_pb_image][et_pb_text _builder_version=&#8220;4.27.2&#8243; _module_preset=&#8220;default&#8220; header_2_font=&#8220;Testo-Heletica-Roman||||||||&#8220; header_2_text_align=&#8220;center&#8220; header_2_text_color=&#8220;#A9978C&#8220; header_2_font_size=&#8220;1.2em&#8220; header_2_line_height=&#8220;1.3em&#8220; width=&#8220;60%&#8220; width_tablet=&#8220;100%&#8220; width_phone=&#8220;&#8220; width_last_edited=&#8220;on|phone&#8220; module_alignment=&#8220;center&#8220; header_2_font_size_tablet=&#8220;1.1em&#8220; header_2_font_size_phone=&#8220;1.1em&#8220; header_2_font_size_last_edited=&#8220;on|desktop&#8220; locked=&#8220;off&#8220; global_colors_info=&#8220;{}&#8220;]<\/p>\n<h2>Die Felsen des Salento stehen f\u00fcr die St\u00e4rke, die die Region auszeichnet, sowohl im Boden als auch in den Bastionen, die auf das Meer blicken. Wie stumme Riesen heben sich ab, um ein antikes Volk zu umschlie\u00dfen und als fester und gebieterischer Bezugspunkt f\u00fcr diejenigen, die \u00fcber das Meer kommen, zu besch\u00fctzen. Eine Kraft, die die Zerbrechlichkeit der Jahrhunderte nicht versteckt, sondern sie zu sch\u00e4tzen wei\u00df und weitere M\u00f6glichkeiten ergreift, um das Vergangene als Fundament dessen, was kommen wird, zu erz\u00e4hlen, zu beschw\u00f6ren und zu bewahren.  <\/h2>\n<p>[\/et_pb_text][\/et_pb_column][\/et_pb_row][et_pb_row column_structure=&#8220;3_4,1_4&#8243; use_custom_gutter=&#8220;on&#8220; make_equal=&#8220;on&#8220; _builder_version=&#8220;4.25.0&#8243; _module_preset=&#8220;default&#8220; custom_css_main_element=&#8220;align-items: flex-end;&#8220; global_colors_info=&#8220;{}&#8220;][et_pb_column type=&#8220;3_4&#8243; _builder_version=&#8220;4.25.0&#8243; _module_preset=&#8220;default&#8220; global_colors_info=&#8220;{}&#8220;][et_pb_image src=&#8220;https:\/\/www.capoforte.it\/wp-content\/uploads\/2024\/09\/Masseria-Capoforte-Taranto-1920&#215;1080-1-jpg.avif&#8220; alt=&#8220;Masseria Capoforte Taranto 1920&#215;1080&#8243; title_text=&#8220;Masseria Capoforte Taranto 1920&#215;1080&#8243; _builder_version=&#8220;4.25.0&#8243; _module_preset=&#8220;default&#8220; global_colors_info=&#8220;{}&#8220;][\/et_pb_image][\/et_pb_column][et_pb_column type=&#8220;1_4&#8243; _builder_version=&#8220;4.25.0&#8243; _module_preset=&#8220;default&#8220; global_colors_info=&#8220;{}&#8220;][et_pb_text _builder_version=&#8220;4.27.2&#8243; _module_preset=&#8220;default&#8220; header_4_font=&#8220;Testo-Heletica-Roman||||||||&#8220; header_4_text_align=&#8220;left&#8220; header_4_text_color=&#8220;#A9978C&#8220; header_4_font_size=&#8220;1em&#8220; custom_margin=&#8220;||||false|false&#8220; custom_padding=&#8220;||||false|false&#8220; locked=&#8220;off&#8220; global_colors_info=&#8220;{}&#8220;]<\/p>\n<h4>Aragonische Burg, Taranto (TA)<\/h4>\n<p>[\/et_pb_text][\/et_pb_column][\/et_pb_row][et_pb_row column_structure=&#8220;1_4,3_4&#8243; make_equal=&#8220;on&#8220; admin_label=&#8220;Foto mit Beschreibung&#8220; _builder_version=&#8220;4.25.0&#8243; _module_preset=&#8220;default&#8220; custom_css_main_element=&#8220;align-items: flex-end;&#8220; global_colors_info=&#8220;{}&#8220;][et_pb_column type=&#8220;1_4&#8243; _builder_version=&#8220;4.25.0&#8243; _module_preset=&#8220;default&#8220; global_colors_info=&#8220;{}&#8220;][et_pb_text disabled_on=&#8220;on|on|off&#8220; _builder_version=&#8220;4.25.0&#8243; _module_preset=&#8220;default&#8220; header_4_font=&#8220;Testo-Heletica-Roman||||||||&#8220; header_4_text_align=&#8220;left&#8220; header_4_text_color=&#8220;#A9978C&#8220; header_4_font_size=&#8220;1em&#8220; custom_margin=&#8220;-60px||||false|false&#8220; custom_margin_tablet=&#8220;-60px||||false|false&#8220; custom_margin_phone=&#8220;-60px||||false|false&#8220; custom_margin_last_edited=&#8220;on|desktop&#8220; locked=&#8220;off&#8220; global_colors_info=&#8220;{}&#8220;]<\/p>\n<h4>Gallipoli (LE)<\/h4>\n<p>[\/et_pb_text][\/et_pb_column][et_pb_column type=&#8220;3_4&#8243; _builder_version=&#8220;4.25.0&#8243; _module_preset=&#8220;default&#8220; global_colors_info=&#8220;{}&#8220;][et_pb_image src=&#8220;https:\/\/www.capoforte.it\/wp-content\/uploads\/2024\/09\/Masseria-Capoforte-Gallipoli-1920&#215;1080-1-jpg.avif&#8220; alt=&#8220;Masseria Capoforte Gallipoli 1920&#215;1080&#8243; title_text=&#8220;Masseria Capoforte Gallipoli 1920&#215;1080&#8243; _builder_version=&#8220;4.25.0&#8243; _module_preset=&#8220;default&#8220; global_colors_info=&#8220;{}&#8220;][\/et_pb_image][et_pb_text disabled_on=&#8220;off|off|on&#8220; _builder_version=&#8220;4.25.0&#8243; _module_preset=&#8220;default&#8220; header_4_font=&#8220;Testo-Heletica-Roman||||||||&#8220; header_4_text_align=&#8220;left&#8220; header_4_text_color=&#8220;#A9978C&#8220; header_4_font_size=&#8220;1em&#8220; locked=&#8220;off&#8220; global_colors_info=&#8220;{}&#8220;]<\/p>\n<h4>Gallipoli (LE)<\/h4>\n<p>[\/et_pb_text][\/et_pb_column][\/et_pb_row][\/et_pb_section][et_pb_section fb_built=&#8220;1&#8243; _builder_version=&#8220;4.25.0&#8243; _module_preset=&#8220;default&#8220; background_enable_color=&#8220;off&#8220; custom_padding=&#8220;||||false|false&#8220; locked=&#8220;off&#8220; global_colors_info=&#8220;{}&#8220;][et_pb_row _builder_version=&#8220;4.25.0&#8243; _module_preset=&#8220;default&#8220; global_colors_info=&#8220;{}&#8220;][et_pb_column type=&#8220;4_4&#8243; _builder_version=&#8220;4.25.0&#8243; _module_preset=&#8220;default&#8220; global_colors_info=&#8220;{}&#8220;][et_pb_image src=&#8220;https:\/\/www.capoforte.it\/wp-content\/uploads\/2024\/07\/Masseria-Capoforte-logo-head-v.svg&#8220; alt=&#8220;Masseria Capoforte logo head-v&#8220; title_text=&#8220;Masseria Capoforte logo head-v&#8220; align=&#8220;center&#8220; _builder_version=&#8220;4.25.0&#8243; _module_preset=&#8220;default&#8220; width=&#8220;2%&#8220; width_tablet=&#8220;3%&#8220; width_phone=&#8220;5%&#8220; width_last_edited=&#8220;on|phone&#8220; custom_margin=&#8220;||||false|false&#8220; custom_margin_tablet=&#8220;||||false|false&#8220; custom_margin_phone=&#8220;||||false|false&#8220; custom_margin_last_edited=&#8220;off|desktop&#8220; custom_padding=&#8220;||10px||false|false&#8220; locked=&#8220;off&#8220; global_colors_info=&#8220;{}&#8220;][\/et_pb_image][et_pb_text _builder_version=&#8220;4.27.2&#8243; _module_preset=&#8220;624cb66b-67cb-4bee-a403-372602bf0402&#8243; header_2_font=&#8220;Titoli-Sackers-Heavy-Gothic||||||||&#8220; header_2_text_align=&#8220;center&#8220; header_2_text_color=&#8220;#4B392E&#8220; header_2_font_size=&#8220;1.7em&#8220; header_2_line_height=&#8220;1.3em&#8220; header_2_font_size_tablet=&#8220;1.5em&#8220; header_2_font_size_phone=&#8220;1.4em&#8220; header_2_font_size_last_edited=&#8220;on|tablet&#8220; locked=&#8220;off&#8220; global_colors_info=&#8220;{}&#8220;]<\/p>\n<h2>Die Geselligkeit, die die Geschmacksknospen pr\u00e4mieren<\/h2>\n<p>[\/et_pb_text][et_pb_text _builder_version=&#8220;4.27.2&#8243; _module_preset=&#8220;default&#8220; header_2_font=&#8220;Testo-Heletica-Roman||||||||&#8220; header_2_text_align=&#8220;center&#8220; header_2_text_color=&#8220;#A9978C&#8220; header_2_font_size=&#8220;1.2em&#8220; header_2_line_height=&#8220;1.3em&#8220; width=&#8220;60%&#8220; width_tablet=&#8220;100%&#8220; width_phone=&#8220;&#8220; width_last_edited=&#8220;on|phone&#8220; module_alignment=&#8220;center&#8220; header_2_font_size_tablet=&#8220;1.1em&#8220; header_2_font_size_phone=&#8220;1.1em&#8220; header_2_font_size_last_edited=&#8220;on|desktop&#8220; locked=&#8220;off&#8220; global_colors_info=&#8220;{}&#8220;]<\/p>\n<h2>Das gute Essen ist im Salento zu Hause: gut, weil es reich an hervorragenden Produkten, gepr\u00e4gt von h\u00f6chster Unverf\u00e4lschtheit, aber auch wegen der reinen und geselligen Beziehungen. Die Kombinationen von Essen und Wein werden zum Symbol der Verbindungen, von Kombinationen und Zusammenstellungen, die sich stets gegenseitig \u00fcberraschen und bereichern.<\/h2>\n<p>[\/et_pb_text][dmpro_before_after_slider before_image=&#8220;https:\/\/www.capoforte.it\/wp-content\/uploads\/2025\/03\/Masseria-Capoforte-BeforeAfter-Fiano-1080&#215;1080-1.avif&#8220; after_image=&#8220;https:\/\/www.capoforte.it\/wp-content\/uploads\/2025\/03\/Masseria-Capoforte-BeforeAfter-Orecchiette-alle-cime-di-rapa-1080&#215;1080-1.avif&#8220; overlay_color=&#8220;rgba(169,151,140,0.4)&#8220; slider_color=&#8220;#FFFFFF&#8220; slider_handle_color=&#8220;#FFFFFF&#8220; slider_handle_bg_color=&#8220;rgba(75,57,46,0.5)&#8220; slider_handle_icon_color=&#8220;#FFFFFF&#8220; _builder_version=&#8220;4.27.2&#8243; _module_preset=&#8220;default&#8220; labels_font=&#8220;Testo-Heletica-Roman||||||||&#8220; width=&#8220;60%&#8220; width_tablet=&#8220;50%&#8220; width_phone=&#8220;100%&#8220; width_last_edited=&#8220;on|phone&#8220; module_alignment=&#8220;center&#8220; global_colors_info=&#8220;{}&#8220;][\/dmpro_before_after_slider][et_pb_button button_url=&#8220;@ET-DC@eyJkeW5hbWljIjp0cnVlLCJjb250ZW50IjoicG9zdF9saW5rX3VybF9wYWdlIiwic2V0dGluZ3MiOnsicG9zdF9pZCI6IjY3NSJ9fQ==@&#8220; button_text=&#8220;fiano&#8220; _builder_version=&#8220;4.27.2&#8243; _dynamic_attributes=&#8220;button_url&#8220; _module_preset=&#8220;62ad5444-e1cd-424e-9555-e427be1c03f6&#8243; custom_margin=&#8220;||||false|false&#8220; custom_margin_tablet=&#8220;50px||||false|false&#8220; custom_margin_phone=&#8220;50px||||false|false&#8220; custom_margin_last_edited=&#8220;off|desktop&#8220; locked=&#8220;off&#8220; global_colors_info=&#8220;{}&#8220;][\/et_pb_button][et_pb_text _builder_version=&#8220;4.27.2&#8243; _module_preset=&#8220;default&#8220; header_2_font=&#8220;Testo-Heletica-Roman||||||||&#8220; header_2_text_align=&#8220;center&#8220; header_2_text_color=&#8220;#A9978C&#8220; header_2_font_size=&#8220;1.2em&#8220; header_2_line_height=&#8220;1.3em&#8220; width=&#8220;60%&#8220; width_tablet=&#8220;100%&#8220; width_phone=&#8220;&#8220; width_last_edited=&#8220;on|phone&#8220; module_alignment=&#8220;center&#8220; header_2_font_size_tablet=&#8220;1.1em&#8220; header_2_font_size_phone=&#8220;1.1em&#8220; header_2_font_size_last_edited=&#8220;on|desktop&#8220; locked=&#8220;off&#8220; global_colors_info=&#8220;{}&#8220;]<\/p>\n<h2>Mit den Weinen der Masseria Capoforte erfolgt ein kontinuierlicher Dialog zwischen Gaumen und Herzen. Gest\u00e4rkt durch eine Gegend, in der Wein und Essen unbestrittener Protagonist sind, erz\u00e4hlen die Etiketten Geschichten von Aromen und Geschm\u00e4ckern, vertraut kombinierbar mit den authentischen Gerichten der Region, ein wahrer Abdruck der Identit\u00e4t, mit welchem sie das Beste von sich offenbaren.<\/h2>\n<p>[\/et_pb_text][dmpro_before_after_slider before_image=&#8220;https:\/\/www.capoforte.it\/wp-content\/uploads\/2025\/03\/Masseria-Capoforte-BeforeAfter-Primocapo-1080&#215;1080-1.avif&#8220; after_image=&#8220;https:\/\/www.capoforte.it\/wp-content\/uploads\/2025\/03\/Masseria-Capoforte-BeforeAfter-Parmigiana-di-melanzane-1080&#215;1080-1.avif&#8220; overlay_color=&#8220;rgba(169,151,140,0.4)&#8220; slider_color=&#8220;#FFFFFF&#8220; slider_handle_color=&#8220;#FFFFFF&#8220; slider_handle_bg_color=&#8220;rgba(75,57,46,0.5)&#8220; slider_handle_icon_color=&#8220;#FFFFFF&#8220; _builder_version=&#8220;4.27.2&#8243; _module_preset=&#8220;default&#8220; width=&#8220;60%&#8220; width_tablet=&#8220;50%&#8220; width_phone=&#8220;100%&#8220; width_last_edited=&#8220;on|desktop&#8220; module_alignment=&#8220;center&#8220; global_colors_info=&#8220;{}&#8220;][\/dmpro_before_after_slider][et_pb_button button_url=&#8220;@ET-DC@eyJkeW5hbWljIjp0cnVlLCJjb250ZW50IjoicG9zdF9saW5rX3VybF9wYWdlIiwic2V0dGluZ3MiOnsicG9zdF9pZCI6Ijc0MyJ9fQ==@&#8220; button_text=&#8220;primocapo&#8220; _builder_version=&#8220;4.27.2&#8243; _dynamic_attributes=&#8220;button_url&#8220; _module_preset=&#8220;62ad5444-e1cd-424e-9555-e427be1c03f6&#8243; custom_margin=&#8220;||||false|false&#8220; custom_margin_tablet=&#8220;50px||||false|false&#8220; custom_margin_phone=&#8220;50px||||false|false&#8220; custom_margin_last_edited=&#8220;off|desktop&#8220; locked=&#8220;off&#8220; global_colors_info=&#8220;{}&#8220;][\/et_pb_button][\/et_pb_column][\/et_pb_row][\/et_pb_section]<\/p>\n","protected":false},"excerpt":{"rendered":"<p>&#8230;e dalla fronte L&#8217;intenerito eroetosto si tolse L&#8217;elmo, e raggiantesul terren lo pose&#8230;Iliade, Libro VI, versi 621-623<div class=\"et_pb_with_border et_pb_module dmpro_breadcrumbs dmpro_breadcrumbs_0\">\n\t\t\t\t\n\t\t\t\t\n\t\t\t\t\n\t\t\t\t\n\t\t\t\t\n\t\t\t\t\n\t\t\t\t<div class=\"et_pb_module_inner\">\n\t\t\t\t\t<div class=\"dmpro-breadcrumbs\">\n                <ul >\n                    \t\n                    <li  class=\"dmpro-breadcrumb-item dmpro-breadcrumb-home\">\n                                    <a  href=\"\">\n                        <span  >\n                                                        Home                        <\/span>\n                    <\/a>\n                                            <\/li>\n\t\t\t\n            \n            <li class=\"dmpro-breadcrumb-separator\"><span class=\"et-pb-icon dmpro-separator-icon\">$<\/span><\/li>\t\t\t\n            \n                <\/ul>\n            <\/div>\n\t\t\t\t<\/div>\n\t\t\t<\/div>Wir befinden uns im l\u00e4ndlichen Salento, in dem Teil [&hellip;]<\/p>\n","protected":false},"author":1,"featured_media":0,"parent":0,"menu_order":0,"comment_status":"closed","ping_status":"closed","template":"","meta":{"_et_pb_use_builder":"on","_et_pb_old_content":"","_et_gb_content_width":"","footnotes":""},"class_list":["post-1584","page","type-page","status-publish","hentry"],"yoast_head":"<!-- This site is optimized with the Yoast SEO plugin v27.2 - https:\/\/yoast.com\/product\/yoast-seo-wordpress\/ -->\n<title>Salento - capoforte.it<\/title>\n<meta name=\"robots\" content=\"index, follow, max-snippet:-1, max-image-preview:large, max-video-preview:-1\" \/>\n<link rel=\"canonical\" href=\"https:\/\/www.capoforte.it\/de\/salento\/\" \/>\n<meta property=\"og:locale\" content=\"de_DE\" \/>\n<meta property=\"og:type\" content=\"article\" \/>\n<meta property=\"og:title\" content=\"Salento - capoforte.it\" \/>\n<meta property=\"og:description\" content=\"...e dalla fronte L&#039;intenerito eroetosto si tolse L&#039;elmo, e raggiantesul terren lo pose...Iliade, Libro VI, versi 621-623Wir befinden uns im l\u00e4ndlichen Salento, in dem Teil [&hellip;]\" \/>\n<meta property=\"og:url\" content=\"https:\/\/www.capoforte.it\/de\/salento\/\" \/>\n<meta property=\"og:site_name\" content=\"capoforte.it\" \/>\n<meta property=\"article:publisher\" content=\"https:\/\/www.facebook.com\/Capoforte\" \/>\n<meta property=\"article:modified_time\" content=\"2025-08-25T07:37:43+00:00\" \/>\n<meta name=\"twitter:card\" content=\"summary_large_image\" \/>\n<meta name=\"twitter:label1\" content=\"Gesch\u00e4tzte Lesezeit\" \/>\n\t<meta name=\"twitter:data1\" content=\"22\u00a0Minuten\" \/>\n<script type=\"application\/ld+json\" class=\"yoast-schema-graph\">{\"@context\":\"https:\/\/schema.org\",\"@graph\":[{\"@type\":\"WebPage\",\"@id\":\"https:\/\/www.capoforte.it\/de\/salento\/\",\"url\":\"https:\/\/www.capoforte.it\/de\/salento\/\",\"name\":\"Salento - capoforte.it\",\"isPartOf\":{\"@id\":\"https:\/\/www.capoforte.it\/#website\"},\"datePublished\":\"2024-07-04T09:20:09+00:00\",\"dateModified\":\"2025-08-25T07:37:43+00:00\",\"breadcrumb\":{\"@id\":\"https:\/\/www.capoforte.it\/de\/salento\/#breadcrumb\"},\"inLanguage\":\"de\",\"potentialAction\":[{\"@type\":\"ReadAction\",\"target\":[\"https:\/\/www.capoforte.it\/de\/salento\/\"]}]},{\"@type\":\"BreadcrumbList\",\"@id\":\"https:\/\/www.capoforte.it\/de\/salento\/#breadcrumb\",\"itemListElement\":[{\"@type\":\"ListItem\",\"position\":1,\"name\":\"Home\",\"item\":\"https:\/\/www.capoforte.it\/de\/home\/\"},{\"@type\":\"ListItem\",\"position\":2,\"name\":\"Salento\"}]},{\"@type\":\"WebSite\",\"@id\":\"https:\/\/www.capoforte.it\/#website\",\"url\":\"https:\/\/www.capoforte.it\/\",\"name\":\"capoforte.it\",\"description\":\"Vini del Salento. The Taste of Passion.\",\"publisher\":{\"@id\":\"https:\/\/www.capoforte.it\/#organization\"},\"potentialAction\":[{\"@type\":\"SearchAction\",\"target\":{\"@type\":\"EntryPoint\",\"urlTemplate\":\"https:\/\/www.capoforte.it\/?s={search_term_string}\"},\"query-input\":{\"@type\":\"PropertyValueSpecification\",\"valueRequired\":true,\"valueName\":\"search_term_string\"}}],\"inLanguage\":\"de\"},{\"@type\":\"Organization\",\"@id\":\"https:\/\/www.capoforte.it\/#organization\",\"name\":\"Massera Capoforte\",\"url\":\"https:\/\/www.capoforte.it\/\",\"logo\":{\"@type\":\"ImageObject\",\"inLanguage\":\"de\",\"@id\":\"https:\/\/www.capoforte.it\/#\/schema\/logo\/image\/\",\"url\":\"https:\/\/www.capoforte.it\/wp-content\/uploads\/2024\/07\/Masseria-Capoforte-Logo-Colore-Oro-v.svg\",\"contentUrl\":\"https:\/\/www.capoforte.it\/wp-content\/uploads\/2024\/07\/Masseria-Capoforte-Logo-Colore-Oro-v.svg\",\"width\":371,\"height\":186,\"caption\":\"Massera Capoforte\"},\"image\":{\"@id\":\"https:\/\/www.capoforte.it\/#\/schema\/logo\/image\/\"},\"sameAs\":[\"https:\/\/www.facebook.com\/Capoforte\",\"https:\/\/www.instagram.com\/masseria_capoforte\/\"]}]}<\/script>\n<!-- \/ Yoast SEO plugin. -->","yoast_head_json":{"title":"Salento - capoforte.it","robots":{"index":"index","follow":"follow","max-snippet":"max-snippet:-1","max-image-preview":"max-image-preview:large","max-video-preview":"max-video-preview:-1"},"canonical":"https:\/\/www.capoforte.it\/de\/salento\/","og_locale":"de_DE","og_type":"article","og_title":"Salento - capoforte.it","og_description":"...e dalla fronte L'intenerito eroetosto si tolse L'elmo, e raggiantesul terren lo pose...Iliade, Libro VI, versi 621-623Wir befinden uns im l\u00e4ndlichen Salento, in dem Teil [&hellip;]","og_url":"https:\/\/www.capoforte.it\/de\/salento\/","og_site_name":"capoforte.it","article_publisher":"https:\/\/www.facebook.com\/Capoforte","article_modified_time":"2025-08-25T07:37:43+00:00","twitter_card":"summary_large_image","twitter_misc":{"Gesch\u00e4tzte Lesezeit":"22\u00a0Minuten"},"schema":{"@context":"https:\/\/schema.org","@graph":[{"@type":"WebPage","@id":"https:\/\/www.capoforte.it\/de\/salento\/","url":"https:\/\/www.capoforte.it\/de\/salento\/","name":"Salento - capoforte.it","isPartOf":{"@id":"https:\/\/www.capoforte.it\/#website"},"datePublished":"2024-07-04T09:20:09+00:00","dateModified":"2025-08-25T07:37:43+00:00","breadcrumb":{"@id":"https:\/\/www.capoforte.it\/de\/salento\/#breadcrumb"},"inLanguage":"de","potentialAction":[{"@type":"ReadAction","target":["https:\/\/www.capoforte.it\/de\/salento\/"]}]},{"@type":"BreadcrumbList","@id":"https:\/\/www.capoforte.it\/de\/salento\/#breadcrumb","itemListElement":[{"@type":"ListItem","position":1,"name":"Home","item":"https:\/\/www.capoforte.it\/de\/home\/"},{"@type":"ListItem","position":2,"name":"Salento"}]},{"@type":"WebSite","@id":"https:\/\/www.capoforte.it\/#website","url":"https:\/\/www.capoforte.it\/","name":"capoforte.it","description":"Vini del Salento. The Taste of Passion.","publisher":{"@id":"https:\/\/www.capoforte.it\/#organization"},"potentialAction":[{"@type":"SearchAction","target":{"@type":"EntryPoint","urlTemplate":"https:\/\/www.capoforte.it\/?s={search_term_string}"},"query-input":{"@type":"PropertyValueSpecification","valueRequired":true,"valueName":"search_term_string"}}],"inLanguage":"de"},{"@type":"Organization","@id":"https:\/\/www.capoforte.it\/#organization","name":"Massera Capoforte","url":"https:\/\/www.capoforte.it\/","logo":{"@type":"ImageObject","inLanguage":"de","@id":"https:\/\/www.capoforte.it\/#\/schema\/logo\/image\/","url":"https:\/\/www.capoforte.it\/wp-content\/uploads\/2024\/07\/Masseria-Capoforte-Logo-Colore-Oro-v.svg","contentUrl":"https:\/\/www.capoforte.it\/wp-content\/uploads\/2024\/07\/Masseria-Capoforte-Logo-Colore-Oro-v.svg","width":371,"height":186,"caption":"Massera Capoforte"},"image":{"@id":"https:\/\/www.capoforte.it\/#\/schema\/logo\/image\/"},"sameAs":["https:\/\/www.facebook.com\/Capoforte","https:\/\/www.instagram.com\/masseria_capoforte\/"]}]}},"_links":{"self":[{"href":"https:\/\/www.capoforte.it\/de\/wp-json\/wp\/v2\/pages\/1584","targetHints":{"allow":["GET"]}}],"collection":[{"href":"https:\/\/www.capoforte.it\/de\/wp-json\/wp\/v2\/pages"}],"about":[{"href":"https:\/\/www.capoforte.it\/de\/wp-json\/wp\/v2\/types\/page"}],"author":[{"embeddable":true,"href":"https:\/\/www.capoforte.it\/de\/wp-json\/wp\/v2\/users\/1"}],"replies":[{"embeddable":true,"href":"https:\/\/www.capoforte.it\/de\/wp-json\/wp\/v2\/comments?post=1584"}],"version-history":[{"count":18,"href":"https:\/\/www.capoforte.it\/de\/wp-json\/wp\/v2\/pages\/1584\/revisions"}],"predecessor-version":[{"id":2768,"href":"https:\/\/www.capoforte.it\/de\/wp-json\/wp\/v2\/pages\/1584\/revisions\/2768"}],"wp:attachment":[{"href":"https:\/\/www.capoforte.it\/de\/wp-json\/wp\/v2\/media?parent=1584"}],"curies":[{"name":"wp","href":"https:\/\/api.w.org\/{rel}","templated":true}]}}